{"id":66,"date":"2012-04-26T20:23:37","date_gmt":"2012-04-26T20:23:37","guid":{"rendered":"http:\/\/haar-und-feder.de\/wordpress\/?page_id=66"},"modified":"2024-11-10T16:48:28","modified_gmt":"2024-11-10T16:48:28","slug":"impressum","status":"publish","type":"page","link":"https:\/\/haar-und-feder.de\/?page_id=66","title":{"rendered":"Impressum"},"content":{"rendered":"<p>Verantwortlich:<\/p>\n<p style=\"padding-left: 30px;\">1. Vorsitzender:<br \/>\nJan Christian Laumen<br \/>\nSch\u00fctzenweg 39 a<br \/>\n26129 Oldenburg<\/p>\n<p>Diese Anbieterkennung gilt auch f\u00fcr die Profile unseres Vereins auf den folgenden sozialen Netzwerken:\u00a0facebook<\/p>\n<p>Angaben gem\u00e4\u00df \u00a7 5 TMG:<\/p>\n<p>Haar und Feder e.V.<br \/>\nSch\u00fctzenweg 39a<br \/>\n26129 Oldenburg<\/p>\n<p>Gesetzliche Vertreter:<\/p>\n<p>Telefon: 0441-72676<br \/>\nFax: &#8212;<\/p>\n<p>Der Verein ist eingetragen beim Vereinsregister des Amtsgericht Oldenburg<br \/>\nunter VR- Nr.: 200505<br \/>\nSteuer- ID-Nr.: FA OL 69\/202\/06521<br \/>\nDatenschutzbeauftragter: N.N.<\/p>\n<p>Haftung f\u00fcr Inhalte<\/p>\n<p>Die Inhalte dieser Seiten wurden mit gr\u00f6\u00dfter Sorgfalt erstellt. F\u00fcr die Richtigkeit, Vollst\u00e4ndigkeit und Aktualit\u00e4t der Inhalte kann jedoch keine Gew\u00e4hr \u00fcbernohmen werden.<br \/>\nAls Diensteanbieter sind wir gem\u00e4\u00df \u00a7 6 Abs.1 MDStV und \u00a7 8 Abs.1 TDG f\u00fcr eigene Inhalte auf diesen Seiten nach den allgemeinen Gesetzen verantwortlich. Diensteanbieter sind jedoch nicht verpflichtet, die von ihnen \u00fcbermittelten oder gespeicherten fremden Informationen zu \u00fcberwachen oder nach Umst\u00e4nden zu forschen, die auf eine rechtswidrige T\u00e4tigkeit hinweisen. Verpflichtungen zur Entfernung oder Sperrung der Nutzung von Informationen nach den allgemeinen Gesetzen bleiben hiervon unber\u00fchrt. Eine diesbez\u00fcgliche Haftung ist jedoch erst ab dem Zeitpunkt der Kenntnis einer konkreten Rechtsverletzung m\u00f6glich. Bei bekannt werden von entsprechenden Rechtsverletzungen werden wir diese Inhalte umgehend entfernen.<\/p>\n<p>Haftung f\u00fcr Links<\/p>\n<p>F\u00fcr die Inhalte auf Internetseiten, zu denen Hyperlinks oder Verweise von haar-und-feder.de aus f\u00fchren, \u00fcbernimmt der Vereinkeine Verantwortung. Die Links sind als Hinweise auf Informationsquellen im Internet zu verstehen und stellen keine Empfehlung dar. Der Verein Haar und Feder erkl\u00e4rt, dass zum Zeitpunkt der Linksetzung die entsprechenden Seiten frei von illegalen Inhalten waren. Auf die Gestaltung und die Inhalte von verlinkten Seiten hat der Verein Haar und Feder keinen Einfluss. Aus diesem Grund distanziert sich die der Verein Haar und Feder von allen Inhalten, die nach der Linksetzung ver\u00e4ndert und hinzugef\u00fcgt wurden. Der Verein Haar und Feder macht sich die Inhalte der Internetseiten Dritter nicht zu Eigen. F\u00fcr etwaige Sch\u00e4den aus der Nutzung von Inhalten fremder Seiten haftet alleine der Anbieter dieser Seiten.<\/p>\n<p>Urheberrecht<\/p>\n<p>Die Betreiber der Seiten sind bem\u00fcht, stets die Urheberrechte anderer zu beachten bzw. auf selbst erstellte sowie lizenzfreie Werke zur\u00fcckzugreifen.<br \/>\nDie durch die Seitenbetreiber erstellten Inhalte und Werke auf diesen Seiten unterliegen dem deutschen Urheberrecht. Beitr\u00e4ge Dritter sind als solche gekennzeichnet. Die Vervielf\u00e4ltigung, Bearbeitung, Verbreitung und jede Art der Verwertung au\u00dferhalb der Grenzen des Urheberrechtes bed\u00fcrfen der schriftlichen Zustimmung des jeweiligen Autors bzw. Erstellers. Downloads und Kopien dieser Seite sind nur f\u00fcr den privaten, nicht kommerziellen Gebrauch gestattet.<\/p>\n<p>Datenschutz<\/p>\n<p>Soweit auf unseren Seiten personenbezogene Daten (beispielsweise Name, Anschrift oder eMail-Adressen) erhoben werden, erfolgt dies soweit m\u00f6glich stets auf freiwilliger Basis. Die Nutzung der Angebote und Dienste ist, soweit m\u00f6glich, stets ohne Angabe personenbezogener Daten m\u00f6glich.<br \/>\nDer Nutzung von im Rahmen der Impressumspflicht ver\u00f6ffentlichten Kontaktdaten durch Dritte zur \u00dcbersendung von nicht ausdr\u00fccklich angeforderter Werbung und Informationsmaterialien wird hiermit ausdr\u00fccklich widersprochen.<\/p>\n","protected":false},"excerpt":{"rendered":"<p>Verantwortlich: 1. Vorsitzender: Jan Christian Laumen Sch\u00fctzenweg 39 a 26129 Oldenburg Diese Anbieterkennung gilt auch f\u00fcr die Profile unseres Vereins auf den folgenden sozialen Netzwerken:\u00a0facebook Angaben gem\u00e4\u00df \u00a7 5 TMG: Haar und Feder e.V. Sch\u00fctzenweg 39a 26129 Oldenburg Gesetzliche Vertreter: &hellip; <a href=\"https:\/\/haar-und-feder.de\/?page_id=66\">Weiterlesen <span class=\"meta-nav\">&rarr;<\/span><\/a><\/p>\n","protected":false},"author":1,"featured_media":0,"parent":0,"menu_order":0,"comment_status":"closed","ping_status":"closed","template":"onecolumn-page.php","meta":{"footnotes":""},"_links":{"self":[{"href":"https:\/\/haar-und-feder.de\/index.php?rest_route=\/wp\/v2\/pages\/66"}],"collection":[{"href":"https:\/\/haar-und-feder.de\/index.php?rest_route=\/wp\/v2\/pages"}],"about":[{"href":"https:\/\/haar-und-feder.de\/index.php?rest_route=\/wp\/v2\/types\/page"}],"author":[{"embeddable":true,"href":"https:\/\/haar-und-feder.de\/index.php?rest_route=\/wp\/v2\/users\/1"}],"replies":[{"embeddable":true,"href":"https:\/\/haar-und-feder.de\/index.php?rest_route=%2Fwp%2Fv2%2Fcomments&post=66"}],"version-history":[{"count":13,"href":"https:\/\/haar-und-feder.de\/index.php?rest_route=\/wp\/v2\/pages\/66\/revisions"}],"predecessor-version":[{"id":1363,"href":"https:\/\/haar-und-feder.de\/index.php?rest_route=\/wp\/v2\/pages\/66\/revisions\/1363"}],"wp:attachment":[{"href":"https:\/\/haar-und-feder.de\/index.php?rest_route=%2Fwp%2Fv2%2Fmedia&parent=66"}],"curies":[{"name":"wp","href":"https:\/\/api.w.org\/{rel}","templated":true}]}}